{"version":"1.0","provider_name":"Ecoute Cancer Reconfort","provider_url":"https:\/\/ecoutecancerreconfort.org\/en\/","author_name":"Cottalorda","author_url":"https:\/\/ecoutecancerreconfort.org\/en\/author\/dcottalorda\/","title":"Journ\u00e9e internationale de lutte contre les cancers p\u00e9diatriques - Ecoute Cancer Reconfort","type":"rich","width":600,"height":338,"html":"<blockquote class=\"wp-embedded-content\" data-secret=\"uOdeXHy6W0\"><a href=\"https:\/\/ecoutecancerreconfort.org\/en\/la-journee-des-cancers-pediatriques\/\">Journ\u00e9e internationale de lutte contre les cancers p\u00e9diatriques<\/a><\/blockquote><iframe sandbox=\"allow-scripts\" security=\"restricted\" src=\"https:\/\/ecoutecancerreconfort.org\/en\/la-journee-des-cancers-pediatriques\/embed\/#?secret=uOdeXHy6W0\" width=\"600\" height=\"338\" title=\"&#8220;Journ\u00e9e internationale de lutte contre les cancers p\u00e9diatriques&#8221; &#8212; Ecoute Cancer Reconfort\" data-secret=\"uOdeXHy6W0\" frameborder=\"0\" marginwidth=\"0\" marginheight=\"0\" scrolling=\"no\" class=\"wp-embedded-content\"><\/iframe><script type=\"text\/javascript\">\n\/* <![CDATA[ *\/\n\/*! This file is auto-generated *\/\n!function(d,l){\"use strict\";l.querySelector&&d.addEventListener&&\"undefined\"!=typeof URL&&(d.wp=d.wp||{},d.wp.receiveEmbedMessage||(d.wp.receiveEmbedMessage=function(e){var t=e.data;if((t||t.secret||t.message||t.value)&&!\/[^a-zA-Z0-9]\/.test(t.secret)){for(var s,r,n,a=l.querySelectorAll('iframe[data-secret=\"'+t.secret+'\"]'),o=l.querySelectorAll('blockquote[data-secret=\"'+t.secret+'\"]'),c=new RegExp(\"^https?:$\",\"i\"),i=0;i<o.length;i++)o[i].style.display=\"none\";for(i=0;i<a.length;i++)s=a[i],e.source===s.contentWindow&&(s.removeAttribute(\"style\"),\"height\"===t.message?(1e3<(r=parseInt(t.value,10))?r=1e3:~~r<200&&(r=200),s.height=r):\"link\"===t.message&&(r=new URL(s.getAttribute(\"src\")),n=new URL(t.value),c.test(n.protocol))&&n.host===r.host&&l.activeElement===s&&(d.top.location.href=t.value))}},d.addEventListener(\"message\",d.wp.receiveEmbedMessage,!1),l.addEventListener(\"DOMContentLoaded\",function(){for(var e,t,s=l.querySelectorAll(\"iframe.wp-embedded-content\"),r=0;r<s.length;r++)(t=(e=s[r]).getAttribute(\"data-secret\"))||(t=Math.random().toString(36).substring(2,12),e.src+=\"#?secret=\"+t,e.setAttribute(\"data-secret\",t)),e.contentWindow.postMessage({message:\"ready\",secret:t},\"*\")},!1)))}(window,document);\n\/\/# sourceURL=https:\/\/ecoutecancerreconfort.org\/wp-includes\/js\/wp-embed.min.js\n\/* ]]> *\/\n<\/script>\n","thumbnail_url":"https:\/\/ecoutecancerreconfort.org\/wp-content\/uploads\/2015\/02\/small.jpg","thumbnail_width":400,"thumbnail_height":300,"description":"L&#8217; association Ecoute Cancer R\u00e9confort \u00e9tait pr\u00e9sente lors de la marche organis\u00e9e par la Fondation Flavien pour la journ\u00e9e internationale de lutte contre les cancers p\u00e9diatriques et les maladies rares. Cette manifestation, organis\u00e9e le dimanche 15 f\u00e9vrier 2015 par la fondation Flavien, \u00e9tait tr\u00e8s \u00e9mouvante. De nombreux parents, enfants et personnalit\u00e9s \u00e9taient pr\u00e9sents pour apporter [&hellip;]"}