{"version":"1.0","provider_name":"Ecoute Cancer Reconfort","provider_url":"https:\/\/ecoutecancerreconfort.org\/it\/","author_name":"federallmonaco","author_url":"https:\/\/ecoutecancerreconfort.org\/it\/author\/federallmonaco\/","title":"La socio-esth\u00e9tique - Ecoute Cancer Reconfort","type":"rich","width":600,"height":338,"html":"<blockquote class=\"wp-embedded-content\" data-secret=\"xqiLTCuHWk\"><a href=\"https:\/\/ecoutecancerreconfort.org\/it\/nos-activites\/notre-espace-mieux-etre\/la-socio-esthetique\/\">La socio-esth\u00e9tique<\/a><\/blockquote><iframe sandbox=\"allow-scripts\" security=\"restricted\" src=\"https:\/\/ecoutecancerreconfort.org\/it\/nos-activites\/notre-espace-mieux-etre\/la-socio-esthetique\/embed\/#?secret=xqiLTCuHWk\" width=\"600\" height=\"338\" title=\"&#8220;La socio-esth\u00e9tique&#8221; &#8212; Ecoute Cancer Reconfort\" data-secret=\"xqiLTCuHWk\" frameborder=\"0\" marginwidth=\"0\" marginheight=\"0\" scrolling=\"no\" class=\"wp-embedded-content\"><\/iframe><script type=\"text\/javascript\">\n\/* <![CDATA[ *\/\n\/*! This file is auto-generated *\/\n!function(d,l){\"use strict\";l.querySelector&&d.addEventListener&&\"undefined\"!=typeof URL&&(d.wp=d.wp||{},d.wp.receiveEmbedMessage||(d.wp.receiveEmbedMessage=function(e){var t=e.data;if((t||t.secret||t.message||t.value)&&!\/[^a-zA-Z0-9]\/.test(t.secret)){for(var s,r,n,a=l.querySelectorAll('iframe[data-secret=\"'+t.secret+'\"]'),o=l.querySelectorAll('blockquote[data-secret=\"'+t.secret+'\"]'),c=new RegExp(\"^https?:$\",\"i\"),i=0;i<o.length;i++)o[i].style.display=\"none\";for(i=0;i<a.length;i++)s=a[i],e.source===s.contentWindow&&(s.removeAttribute(\"style\"),\"height\"===t.message?(1e3<(r=parseInt(t.value,10))?r=1e3:~~r<200&&(r=200),s.height=r):\"link\"===t.message&&(r=new URL(s.getAttribute(\"src\")),n=new URL(t.value),c.test(n.protocol))&&n.host===r.host&&l.activeElement===s&&(d.top.location.href=t.value))}},d.addEventListener(\"message\",d.wp.receiveEmbedMessage,!1),l.addEventListener(\"DOMContentLoaded\",function(){for(var e,t,s=l.querySelectorAll(\"iframe.wp-embedded-content\"),r=0;r<s.length;r++)(t=(e=s[r]).getAttribute(\"data-secret\"))||(t=Math.random().toString(36).substring(2,12),e.src+=\"#?secret=\"+t,e.setAttribute(\"data-secret\",t)),e.contentWindow.postMessage({message:\"ready\",secret:t},\"*\")},!1)))}(window,document);\n\/\/# sourceURL=https:\/\/ecoutecancerreconfort.org\/wp-includes\/js\/wp-embed.min.js\n\/* ]]> *\/\n<\/script>\n","thumbnail_url":"https:\/\/ecoutecancerreconfort.org\/wp-content\/uploads\/2026\/01\/socieo-esthetique.jpg","thumbnail_width":1600,"thumbnail_height":763,"description":"La socio-esth\u00e9tique La socio-esth\u00e9ticienne est une professionnelle qui dans le cadre d\u2019une approche globale (bio-psycho-sociale-esth\u00e9tique) d\u2019une personne dispense des soins techniques-esth\u00e9tiques et relationnels de nature pr\u00e9ventive (hygi\u00e8ne), curative (prise en compte des effets secondaires), palliative et \u00e9ducative (apprentissages en fonction des diff\u00e9rents besoins observ\u00e9s) au moyen des soins esth\u00e9tiques et de leur d\u00e9clinaison. La socio-esth\u00e9ticienne [&hellip;]"}